{"id":11147,"date":"2026-04-09T11:54:15","date_gmt":"2026-04-09T15:54:15","guid":{"rendered":"https:\/\/cidreduquebec.com\/semaineducidre\/?post_type=activites&#038;p=11147"},"modified":"2026-04-09T11:57:07","modified_gmt":"2026-04-09T15:57:07","slug":"retour-dans-le-temps-a-la-cidrerie-le-somnambule","status":"publish","type":"activites","link":"https:\/\/cidreduquebec.com\/semaineducidre\/activites\/retour-dans-le-temps-a-la-cidrerie-le-somnambule\/","title":{"rendered":"Retour dans le temps \u00e0 la Cidrerie Le Somnambule!"},"content":{"rendered":"<p>Le cidre, \u00e7a vieillit bien, le saviez-vous?<\/p>\n<p>Pour vous le prouver hors de tout doute, on vous pr\u00e9pare une journ\u00e9e de d\u00e9gustation bien sp\u00e9ciale dans le cadre de la Semaine du cidre!<\/p>\n<p>Le 9 mai prochain, on vous donnera l\u2019occasion de go\u00fbter \u00e0 nos meilleures cuv\u00e9es, qui vieillissent tranquillement dans le cellier depuis les derni\u00e8res ann\u00e9es. Au menu, plein de bouteilles qui datent de nos premi\u00e8res ann\u00e9es! Rien de moins!<\/p>\n<p>Profitez-en \u00e9galement pour acheter nos cidres r\u00e9guliers \u00e0 prix d\u2019ami : on vous offre un rabais de 15% pour la Semaine du cidre!<br \/>\nUne belle occasion de venir jaser cidre avec nous et de lever nos verres aux ann\u00e9es qui ont pass\u00e9 (presque 10, depuis notre arriv\u00e9e au Somnambule\u2026 \u00e7a ne nous rajeunit pas)!<\/p>\n<p>Quand? Samedi 9 mai, 11 h \u00e0 18 h<br \/>\nCombien? 20$ pour 10 coupons (1 coupons par d\u00e9gustation de 2 oz)<br \/>\nR\u00e9servation ? Aucune r\u00e9servation requise, pr\u00e9sentez-vous pendant les heures d\u2019ouverture<br \/>\nBienvenue aux familles (Vous pouvez apporter votre lunch et diner sur place. Coin pour enfants et modules de jeux ext\u00e9rieurs seront aussi l\u00e0 pour divertir les petits!)<\/p>\n","protected":false},"featured_media":11148,"template":"","class_list":["post-11147","activites","type-activites","status-publish","has-post-thumbnail"],"acf":[],"yoast_head":"<!-- This site is optimized with the Yoast SEO plugin v27.3 - https:\/\/yoast.com\/product\/yoast-seo-wordpress\/ -->\n<title>Retour dans le temps \u00e0 la Cidrerie Le Somnambule! - Semaine du cidre du Qu\u00e9bec<\/title>\n<meta name=\"robots\" content=\"noindex, follow\" \/>\n<meta property=\"og:locale\" content=\"fr_CA\" \/>\n<meta property=\"og:type\" content=\"article\" \/>\n<meta property=\"og:title\" content=\"Retour dans le temps \u00e0 la Cidrerie Le Somnambule! - Semaine du cidre du Qu\u00e9bec\" \/>\n<meta property=\"og:description\" content=\"Le cidre, \u00e7a vieillit bien, le saviez-vous? Pour vous le prouver hors de tout doute, on vous pr\u00e9pare une journ\u00e9e de d\u00e9gustation bien sp\u00e9ciale dans...\" \/>\n<meta property=\"og:url\" content=\"https:\/\/cidreduquebec.com\/semaineducidre\/activites\/retour-dans-le-temps-a-la-cidrerie-le-somnambule\/\" \/>\n<meta property=\"og:site_name\" content=\"Semaine du cidre du Qu\u00e9bec\" \/>\n<meta property=\"article:publisher\" content=\"https:\/\/www.facebook.com\/cidreduquebec\" \/>\n<meta property=\"article:modified_time\" content=\"2026-04-09T15:57:07+00:00\" \/>\n<meta property=\"og:image\" content=\"https:\/\/cidreduquebec.com\/semaineducidre\/wp-content\/uploads\/2026\/04\/P7210686-scaled.jpg\" \/>\n\t<meta property=\"og:image:width\" content=\"1920\" \/>\n\t<meta property=\"og:image:height\" content=\"2560\" \/>\n\t<meta property=\"og:image:type\" content=\"image\/jpeg\" \/>\n<meta name=\"twitter:card\" content=\"summary_large_image\" \/>\n<meta name=\"twitter:label1\" content=\"Estimation du temps de lecture\" \/>\n\t<meta name=\"twitter:data1\" content=\"2 minutes\" \/>\n<script type=\"application\/ld+json\" class=\"yoast-schema-graph\">{\"@context\":\"https:\\\/\\\/schema.org\",\"@graph\":[{\"@type\":\"WebPage\",\"@id\":\"https:\\\/\\\/cidreduquebec.com\\\/semaineducidre\\\/activites\\\/retour-dans-le-temps-a-la-cidrerie-le-somnambule\\\/\",\"url\":\"https:\\\/\\\/cidreduquebec.com\\\/semaineducidre\\\/activites\\\/retour-dans-le-temps-a-la-cidrerie-le-somnambule\\\/\",\"name\":\"Retour dans le temps \u00e0 la Cidrerie Le Somnambule! - Semaine du cidre du Qu\u00e9bec\",\"isPartOf\":{\"@id\":\"https:\\\/\\\/cidreduquebec.com\\\/semaineducidre\\\/#website\"},\"primaryImageOfPage\":{\"@id\":\"https:\\\/\\\/cidreduquebec.com\\\/semaineducidre\\\/activites\\\/retour-dans-le-temps-a-la-cidrerie-le-somnambule\\\/#primaryimage\"},\"image\":{\"@id\":\"https:\\\/\\\/cidreduquebec.com\\\/semaineducidre\\\/activites\\\/retour-dans-le-temps-a-la-cidrerie-le-somnambule\\\/#primaryimage\"},\"thumbnailUrl\":\"https:\\\/\\\/cidreduquebec.com\\\/semaineducidre\\\/wp-content\\\/uploads\\\/2026\\\/04\\\/P7210686-scaled.jpg\",\"datePublished\":\"2026-04-09T15:54:15+00:00\",\"dateModified\":\"2026-04-09T15:57:07+00:00\",\"breadcrumb\":{\"@id\":\"https:\\\/\\\/cidreduquebec.com\\\/semaineducidre\\\/activites\\\/retour-dans-le-temps-a-la-cidrerie-le-somnambule\\\/#breadcrumb\"},\"inLanguage\":\"fr-CA\",\"potentialAction\":[{\"@type\":\"ReadAction\",\"target\":[\"https:\\\/\\\/cidreduquebec.com\\\/semaineducidre\\\/activites\\\/retour-dans-le-temps-a-la-cidrerie-le-somnambule\\\/\"]}]},{\"@type\":\"ImageObject\",\"inLanguage\":\"fr-CA\",\"@id\":\"https:\\\/\\\/cidreduquebec.com\\\/semaineducidre\\\/activites\\\/retour-dans-le-temps-a-la-cidrerie-le-somnambule\\\/#primaryimage\",\"url\":\"https:\\\/\\\/cidreduquebec.com\\\/semaineducidre\\\/wp-content\\\/uploads\\\/2026\\\/04\\\/P7210686-scaled.jpg\",\"contentUrl\":\"https:\\\/\\\/cidreduquebec.com\\\/semaineducidre\\\/wp-content\\\/uploads\\\/2026\\\/04\\\/P7210686-scaled.jpg\",\"width\":1920,\"height\":2560},{\"@type\":\"BreadcrumbList\",\"@id\":\"https:\\\/\\\/cidreduquebec.com\\\/semaineducidre\\\/activites\\\/retour-dans-le-temps-a-la-cidrerie-le-somnambule\\\/#breadcrumb\",\"itemListElement\":[{\"@type\":\"ListItem\",\"position\":1,\"name\":\"Home\",\"item\":\"https:\\\/\\\/cidreduquebec.com\\\/semaineducidre\\\/\"},{\"@type\":\"ListItem\",\"position\":2,\"name\":\"Retour dans le temps \u00e0 la Cidrerie Le Somnambule!\"}]},{\"@type\":\"WebSite\",\"@id\":\"https:\\\/\\\/cidreduquebec.com\\\/semaineducidre\\\/#website\",\"url\":\"https:\\\/\\\/cidreduquebec.com\\\/semaineducidre\\\/\",\"name\":\"Semaine du cidre du Qu\u00e9bec\",\"description\":\"Producteurs de cidre du Qu\u00e9bec\",\"publisher\":{\"@id\":\"https:\\\/\\\/cidreduquebec.com\\\/semaineducidre\\\/#organization\"},\"potentialAction\":[{\"@type\":\"SearchAction\",\"target\":{\"@type\":\"EntryPoint\",\"urlTemplate\":\"https:\\\/\\\/cidreduquebec.com\\\/semaineducidre\\\/?s={search_term_string}\"},\"query-input\":{\"@type\":\"PropertyValueSpecification\",\"valueRequired\":true,\"valueName\":\"search_term_string\"}}],\"inLanguage\":\"fr-CA\"},{\"@type\":\"Organization\",\"@id\":\"https:\\\/\\\/cidreduquebec.com\\\/semaineducidre\\\/#organization\",\"name\":\"SEMAINE DU CIDRE DU QU\u00c9BEC\",\"url\":\"https:\\\/\\\/cidreduquebec.com\\\/semaineducidre\\\/\",\"logo\":{\"@type\":\"ImageObject\",\"inLanguage\":\"fr-CA\",\"@id\":\"https:\\\/\\\/cidreduquebec.com\\\/semaineducidre\\\/#\\\/schema\\\/logo\\\/image\\\/\",\"url\":\"https:\\\/\\\/cidreduquebec.com\\\/semaineducidre\\\/wp-content\\\/uploads\\\/2022\\\/03\\\/SDC2022-Logo-Marine-SansDate.png\",\"contentUrl\":\"https:\\\/\\\/cidreduquebec.com\\\/semaineducidre\\\/wp-content\\\/uploads\\\/2022\\\/03\\\/SDC2022-Logo-Marine-SansDate.png\",\"width\":1200,\"height\":1200,\"caption\":\"SEMAINE DU CIDRE DU QU\u00c9BEC\"},\"image\":{\"@id\":\"https:\\\/\\\/cidreduquebec.com\\\/semaineducidre\\\/#\\\/schema\\\/logo\\\/image\\\/\"},\"sameAs\":[\"https:\\\/\\\/www.facebook.com\\\/cidreduquebec\",\"https:\\\/\\\/www.instagram.com\\\/cidreduquebec\"]}]}<\/script>\n<!-- \/ Yoast SEO plugin. -->","yoast_head_json":{"title":"Retour dans le temps \u00e0 la Cidrerie Le Somnambule! - Semaine du cidre du Qu\u00e9bec","robots":{"index":"noindex","follow":"follow"},"og_locale":"fr_CA","og_type":"article","og_title":"Retour dans le temps \u00e0 la Cidrerie Le Somnambule! - Semaine du cidre du Qu\u00e9bec","og_description":"Le cidre, \u00e7a vieillit bien, le saviez-vous? Pour vous le prouver hors de tout doute, on vous pr\u00e9pare une journ\u00e9e de d\u00e9gustation bien sp\u00e9ciale dans...","og_url":"https:\/\/cidreduquebec.com\/semaineducidre\/activites\/retour-dans-le-temps-a-la-cidrerie-le-somnambule\/","og_site_name":"Semaine du cidre du Qu\u00e9bec","article_publisher":"https:\/\/www.facebook.com\/cidreduquebec","article_modified_time":"2026-04-09T15:57:07+00:00","og_image":[{"width":1920,"height":2560,"url":"https:\/\/cidreduquebec.com\/semaineducidre\/wp-content\/uploads\/2026\/04\/P7210686-scaled.jpg","type":"image\/jpeg"}],"twitter_card":"summary_large_image","twitter_misc":{"Estimation du temps de lecture":"2 minutes"},"schema":{"@context":"https:\/\/schema.org","@graph":[{"@type":"WebPage","@id":"https:\/\/cidreduquebec.com\/semaineducidre\/activites\/retour-dans-le-temps-a-la-cidrerie-le-somnambule\/","url":"https:\/\/cidreduquebec.com\/semaineducidre\/activites\/retour-dans-le-temps-a-la-cidrerie-le-somnambule\/","name":"Retour dans le temps \u00e0 la Cidrerie Le Somnambule! - Semaine du cidre du Qu\u00e9bec","isPartOf":{"@id":"https:\/\/cidreduquebec.com\/semaineducidre\/#website"},"primaryImageOfPage":{"@id":"https:\/\/cidreduquebec.com\/semaineducidre\/activites\/retour-dans-le-temps-a-la-cidrerie-le-somnambule\/#primaryimage"},"image":{"@id":"https:\/\/cidreduquebec.com\/semaineducidre\/activites\/retour-dans-le-temps-a-la-cidrerie-le-somnambule\/#primaryimage"},"thumbnailUrl":"https:\/\/cidreduquebec.com\/semaineducidre\/wp-content\/uploads\/2026\/04\/P7210686-scaled.jpg","datePublished":"2026-04-09T15:54:15+00:00","dateModified":"2026-04-09T15:57:07+00:00","breadcrumb":{"@id":"https:\/\/cidreduquebec.com\/semaineducidre\/activites\/retour-dans-le-temps-a-la-cidrerie-le-somnambule\/#breadcrumb"},"inLanguage":"fr-CA","potentialAction":[{"@type":"ReadAction","target":["https:\/\/cidreduquebec.com\/semaineducidre\/activites\/retour-dans-le-temps-a-la-cidrerie-le-somnambule\/"]}]},{"@type":"ImageObject","inLanguage":"fr-CA","@id":"https:\/\/cidreduquebec.com\/semaineducidre\/activites\/retour-dans-le-temps-a-la-cidrerie-le-somnambule\/#primaryimage","url":"https:\/\/cidreduquebec.com\/semaineducidre\/wp-content\/uploads\/2026\/04\/P7210686-scaled.jpg","contentUrl":"https:\/\/cidreduquebec.com\/semaineducidre\/wp-content\/uploads\/2026\/04\/P7210686-scaled.jpg","width":1920,"height":2560},{"@type":"BreadcrumbList","@id":"https:\/\/cidreduquebec.com\/semaineducidre\/activites\/retour-dans-le-temps-a-la-cidrerie-le-somnambule\/#breadcrumb","itemListElement":[{"@type":"ListItem","position":1,"name":"Home","item":"https:\/\/cidreduquebec.com\/semaineducidre\/"},{"@type":"ListItem","position":2,"name":"Retour dans le temps \u00e0 la Cidrerie Le Somnambule!"}]},{"@type":"WebSite","@id":"https:\/\/cidreduquebec.com\/semaineducidre\/#website","url":"https:\/\/cidreduquebec.com\/semaineducidre\/","name":"Semaine du cidre du Qu\u00e9bec","description":"Producteurs de cidre du Qu\u00e9bec","publisher":{"@id":"https:\/\/cidreduquebec.com\/semaineducidre\/#organization"},"potentialAction":[{"@type":"SearchAction","target":{"@type":"EntryPoint","urlTemplate":"https:\/\/cidreduquebec.com\/semaineducidre\/?s={search_term_string}"},"query-input":{"@type":"PropertyValueSpecification","valueRequired":true,"valueName":"search_term_string"}}],"inLanguage":"fr-CA"},{"@type":"Organization","@id":"https:\/\/cidreduquebec.com\/semaineducidre\/#organization","name":"SEMAINE DU CIDRE DU QU\u00c9BEC","url":"https:\/\/cidreduquebec.com\/semaineducidre\/","logo":{"@type":"ImageObject","inLanguage":"fr-CA","@id":"https:\/\/cidreduquebec.com\/semaineducidre\/#\/schema\/logo\/image\/","url":"https:\/\/cidreduquebec.com\/semaineducidre\/wp-content\/uploads\/2022\/03\/SDC2022-Logo-Marine-SansDate.png","contentUrl":"https:\/\/cidreduquebec.com\/semaineducidre\/wp-content\/uploads\/2022\/03\/SDC2022-Logo-Marine-SansDate.png","width":1200,"height":1200,"caption":"SEMAINE DU CIDRE DU QU\u00c9BEC"},"image":{"@id":"https:\/\/cidreduquebec.com\/semaineducidre\/#\/schema\/logo\/image\/"},"sameAs":["https:\/\/www.facebook.com\/cidreduquebec","https:\/\/www.instagram.com\/cidreduquebec"]}]}},"_links":{"self":[{"href":"https:\/\/cidreduquebec.com\/semaineducidre\/wp-json\/wp\/v2\/activites\/11147","targetHints":{"allow":["GET"]}}],"collection":[{"href":"https:\/\/cidreduquebec.com\/semaineducidre\/wp-json\/wp\/v2\/activites"}],"about":[{"href":"https:\/\/cidreduquebec.com\/semaineducidre\/wp-json\/wp\/v2\/types\/activites"}],"wp:featuredmedia":[{"embeddable":true,"href":"https:\/\/cidreduquebec.com\/semaineducidre\/wp-json\/wp\/v2\/media\/11148"}],"wp:attachment":[{"href":"https:\/\/cidreduquebec.com\/semaineducidre\/wp-json\/wp\/v2\/media?parent=11147"}],"curies":[{"name":"wp","href":"https:\/\/api.w.org\/{rel}","templated":true}]}}