{"id":11160,"date":"2026-04-09T18:08:43","date_gmt":"2026-04-09T22:08:43","guid":{"rendered":"https:\/\/cidreduquebec.com\/semaineducidre\/?post_type=activites&#038;p=11160"},"modified":"2026-04-10T09:53:21","modified_gmt":"2026-04-10T13:53:21","slug":"degustation-capsule-temporelle","status":"publish","type":"activites","link":"https:\/\/cidreduquebec.com\/semaineducidre\/activites\/degustation-capsule-temporelle\/","title":{"rendered":"D\u00e9gustation avec La Capsule Temporelle"},"content":{"rendered":"<p>D\u00e9gustation anim\u00e9e par Antoine de La Capsule Temporelle! Vous allez d\u00e9couvrir plusieurs cuv\u00e9es, et en plus, vous pourrez partir avec vos cuv\u00e9es favorites! \ud83d\ude09 Et en magasin, vous aurez la chance de faire quelques emplettes pour un ap\u00e9ro ou autre, parce que Dieu sait que cidre, fromage et charcuterie, c\u2019est compl\u00e8tement d\u00e9licieux comme trio! Venez nous voir!\ud83e\udd42\ud83d\ude0e\ud83c\udf4e<\/p>\n","protected":false},"featured_media":11161,"template":"","class_list":["post-11160","activites","type-activites","status-publish","has-post-thumbnail"],"acf":[],"yoast_head":"<!-- This site is optimized with the Yoast SEO plugin v27.3 - https:\/\/yoast.com\/product\/yoast-seo-wordpress\/ -->\n<title>D\u00e9gustation avec La Capsule Temporelle - Semaine du cidre du Qu\u00e9bec<\/title>\n<meta name=\"robots\" content=\"noindex, follow\" \/>\n<meta property=\"og:locale\" content=\"fr_CA\" \/>\n<meta property=\"og:type\" content=\"article\" \/>\n<meta property=\"og:title\" content=\"D\u00e9gustation avec La Capsule Temporelle - Semaine du cidre du Qu\u00e9bec\" \/>\n<meta property=\"og:description\" content=\"D\u00e9gustation anim\u00e9e par Antoine de La Capsule Temporelle! Vous allez d\u00e9couvrir plusieurs cuv\u00e9es, et en plus, vous pourrez partir avec vos cuv\u00e9es favorites! \ud83d\ude09 Et...\" \/>\n<meta property=\"og:url\" content=\"https:\/\/cidreduquebec.com\/semaineducidre\/activites\/degustation-capsule-temporelle\/\" \/>\n<meta property=\"og:site_name\" content=\"Semaine du cidre du Qu\u00e9bec\" \/>\n<meta property=\"article:publisher\" content=\"https:\/\/www.facebook.com\/cidreduquebec\" \/>\n<meta property=\"article:modified_time\" content=\"2026-04-10T13:53:21+00:00\" \/>\n<meta property=\"og:image\" content=\"https:\/\/cidreduquebec.com\/semaineducidre\/wp-content\/uploads\/2026\/04\/Aux-Saveurs-Des-Sevelin-Arch-Logo-Black.jpg\" \/>\n\t<meta property=\"og:image:width\" content=\"1000\" \/>\n\t<meta property=\"og:image:height\" content=\"1000\" \/>\n\t<meta property=\"og:image:type\" content=\"image\/jpeg\" \/>\n<meta name=\"twitter:card\" content=\"summary_large_image\" \/>\n<meta name=\"twitter:label1\" content=\"Estimation du temps de lecture\" \/>\n\t<meta name=\"twitter:data1\" content=\"1 minute\" \/>\n<script type=\"application\/ld+json\" class=\"yoast-schema-graph\">{\"@context\":\"https:\\\/\\\/schema.org\",\"@graph\":[{\"@type\":\"WebPage\",\"@id\":\"https:\\\/\\\/cidreduquebec.com\\\/semaineducidre\\\/activites\\\/degustation-capsule-temporelle\\\/\",\"url\":\"https:\\\/\\\/cidreduquebec.com\\\/semaineducidre\\\/activites\\\/degustation-capsule-temporelle\\\/\",\"name\":\"D\u00e9gustation avec La Capsule Temporelle - Semaine du cidre du Qu\u00e9bec\",\"isPartOf\":{\"@id\":\"https:\\\/\\\/cidreduquebec.com\\\/semaineducidre\\\/#website\"},\"primaryImageOfPage\":{\"@id\":\"https:\\\/\\\/cidreduquebec.com\\\/semaineducidre\\\/activites\\\/degustation-capsule-temporelle\\\/#primaryimage\"},\"image\":{\"@id\":\"https:\\\/\\\/cidreduquebec.com\\\/semaineducidre\\\/activites\\\/degustation-capsule-temporelle\\\/#primaryimage\"},\"thumbnailUrl\":\"https:\\\/\\\/cidreduquebec.com\\\/semaineducidre\\\/wp-content\\\/uploads\\\/2026\\\/04\\\/Aux-Saveurs-Des-Sevelin-Arch-Logo-Black.jpg\",\"datePublished\":\"2026-04-09T22:08:43+00:00\",\"dateModified\":\"2026-04-10T13:53:21+00:00\",\"breadcrumb\":{\"@id\":\"https:\\\/\\\/cidreduquebec.com\\\/semaineducidre\\\/activites\\\/degustation-capsule-temporelle\\\/#breadcrumb\"},\"inLanguage\":\"fr-CA\",\"potentialAction\":[{\"@type\":\"ReadAction\",\"target\":[\"https:\\\/\\\/cidreduquebec.com\\\/semaineducidre\\\/activites\\\/degustation-capsule-temporelle\\\/\"]}]},{\"@type\":\"ImageObject\",\"inLanguage\":\"fr-CA\",\"@id\":\"https:\\\/\\\/cidreduquebec.com\\\/semaineducidre\\\/activites\\\/degustation-capsule-temporelle\\\/#primaryimage\",\"url\":\"https:\\\/\\\/cidreduquebec.com\\\/semaineducidre\\\/wp-content\\\/uploads\\\/2026\\\/04\\\/Aux-Saveurs-Des-Sevelin-Arch-Logo-Black.jpg\",\"contentUrl\":\"https:\\\/\\\/cidreduquebec.com\\\/semaineducidre\\\/wp-content\\\/uploads\\\/2026\\\/04\\\/Aux-Saveurs-Des-Sevelin-Arch-Logo-Black.jpg\",\"width\":1000,\"height\":1000},{\"@type\":\"BreadcrumbList\",\"@id\":\"https:\\\/\\\/cidreduquebec.com\\\/semaineducidre\\\/activites\\\/degustation-capsule-temporelle\\\/#breadcrumb\",\"itemListElement\":[{\"@type\":\"ListItem\",\"position\":1,\"name\":\"Home\",\"item\":\"https:\\\/\\\/cidreduquebec.com\\\/semaineducidre\\\/\"},{\"@type\":\"ListItem\",\"position\":2,\"name\":\"D\u00e9gustation avec La Capsule Temporelle\"}]},{\"@type\":\"WebSite\",\"@id\":\"https:\\\/\\\/cidreduquebec.com\\\/semaineducidre\\\/#website\",\"url\":\"https:\\\/\\\/cidreduquebec.com\\\/semaineducidre\\\/\",\"name\":\"Semaine du cidre du Qu\u00e9bec\",\"description\":\"Producteurs de cidre du Qu\u00e9bec\",\"publisher\":{\"@id\":\"https:\\\/\\\/cidreduquebec.com\\\/semaineducidre\\\/#organization\"},\"potentialAction\":[{\"@type\":\"SearchAction\",\"target\":{\"@type\":\"EntryPoint\",\"urlTemplate\":\"https:\\\/\\\/cidreduquebec.com\\\/semaineducidre\\\/?s={search_term_string}\"},\"query-input\":{\"@type\":\"PropertyValueSpecification\",\"valueRequired\":true,\"valueName\":\"search_term_string\"}}],\"inLanguage\":\"fr-CA\"},{\"@type\":\"Organization\",\"@id\":\"https:\\\/\\\/cidreduquebec.com\\\/semaineducidre\\\/#organization\",\"name\":\"SEMAINE DU CIDRE DU QU\u00c9BEC\",\"url\":\"https:\\\/\\\/cidreduquebec.com\\\/semaineducidre\\\/\",\"logo\":{\"@type\":\"ImageObject\",\"inLanguage\":\"fr-CA\",\"@id\":\"https:\\\/\\\/cidreduquebec.com\\\/semaineducidre\\\/#\\\/schema\\\/logo\\\/image\\\/\",\"url\":\"https:\\\/\\\/cidreduquebec.com\\\/semaineducidre\\\/wp-content\\\/uploads\\\/2022\\\/03\\\/SDC2022-Logo-Marine-SansDate.png\",\"contentUrl\":\"https:\\\/\\\/cidreduquebec.com\\\/semaineducidre\\\/wp-content\\\/uploads\\\/2022\\\/03\\\/SDC2022-Logo-Marine-SansDate.png\",\"width\":1200,\"height\":1200,\"caption\":\"SEMAINE DU CIDRE DU QU\u00c9BEC\"},\"image\":{\"@id\":\"https:\\\/\\\/cidreduquebec.com\\\/semaineducidre\\\/#\\\/schema\\\/logo\\\/image\\\/\"},\"sameAs\":[\"https:\\\/\\\/www.facebook.com\\\/cidreduquebec\",\"https:\\\/\\\/www.instagram.com\\\/cidreduquebec\"]}]}<\/script>\n<!-- \/ Yoast SEO plugin. -->","yoast_head_json":{"title":"D\u00e9gustation avec La Capsule Temporelle - Semaine du cidre du Qu\u00e9bec","robots":{"index":"noindex","follow":"follow"},"og_locale":"fr_CA","og_type":"article","og_title":"D\u00e9gustation avec La Capsule Temporelle - Semaine du cidre du Qu\u00e9bec","og_description":"D\u00e9gustation anim\u00e9e par Antoine de La Capsule Temporelle! Vous allez d\u00e9couvrir plusieurs cuv\u00e9es, et en plus, vous pourrez partir avec vos cuv\u00e9es favorites! \ud83d\ude09 Et...","og_url":"https:\/\/cidreduquebec.com\/semaineducidre\/activites\/degustation-capsule-temporelle\/","og_site_name":"Semaine du cidre du Qu\u00e9bec","article_publisher":"https:\/\/www.facebook.com\/cidreduquebec","article_modified_time":"2026-04-10T13:53:21+00:00","og_image":[{"width":1000,"height":1000,"url":"https:\/\/cidreduquebec.com\/semaineducidre\/wp-content\/uploads\/2026\/04\/Aux-Saveurs-Des-Sevelin-Arch-Logo-Black.jpg","type":"image\/jpeg"}],"twitter_card":"summary_large_image","twitter_misc":{"Estimation du temps de lecture":"1 minute"},"schema":{"@context":"https:\/\/schema.org","@graph":[{"@type":"WebPage","@id":"https:\/\/cidreduquebec.com\/semaineducidre\/activites\/degustation-capsule-temporelle\/","url":"https:\/\/cidreduquebec.com\/semaineducidre\/activites\/degustation-capsule-temporelle\/","name":"D\u00e9gustation avec La Capsule Temporelle - Semaine du cidre du Qu\u00e9bec","isPartOf":{"@id":"https:\/\/cidreduquebec.com\/semaineducidre\/#website"},"primaryImageOfPage":{"@id":"https:\/\/cidreduquebec.com\/semaineducidre\/activites\/degustation-capsule-temporelle\/#primaryimage"},"image":{"@id":"https:\/\/cidreduquebec.com\/semaineducidre\/activites\/degustation-capsule-temporelle\/#primaryimage"},"thumbnailUrl":"https:\/\/cidreduquebec.com\/semaineducidre\/wp-content\/uploads\/2026\/04\/Aux-Saveurs-Des-Sevelin-Arch-Logo-Black.jpg","datePublished":"2026-04-09T22:08:43+00:00","dateModified":"2026-04-10T13:53:21+00:00","breadcrumb":{"@id":"https:\/\/cidreduquebec.com\/semaineducidre\/activites\/degustation-capsule-temporelle\/#breadcrumb"},"inLanguage":"fr-CA","potentialAction":[{"@type":"ReadAction","target":["https:\/\/cidreduquebec.com\/semaineducidre\/activites\/degustation-capsule-temporelle\/"]}]},{"@type":"ImageObject","inLanguage":"fr-CA","@id":"https:\/\/cidreduquebec.com\/semaineducidre\/activites\/degustation-capsule-temporelle\/#primaryimage","url":"https:\/\/cidreduquebec.com\/semaineducidre\/wp-content\/uploads\/2026\/04\/Aux-Saveurs-Des-Sevelin-Arch-Logo-Black.jpg","contentUrl":"https:\/\/cidreduquebec.com\/semaineducidre\/wp-content\/uploads\/2026\/04\/Aux-Saveurs-Des-Sevelin-Arch-Logo-Black.jpg","width":1000,"height":1000},{"@type":"BreadcrumbList","@id":"https:\/\/cidreduquebec.com\/semaineducidre\/activites\/degustation-capsule-temporelle\/#breadcrumb","itemListElement":[{"@type":"ListItem","position":1,"name":"Home","item":"https:\/\/cidreduquebec.com\/semaineducidre\/"},{"@type":"ListItem","position":2,"name":"D\u00e9gustation avec La Capsule Temporelle"}]},{"@type":"WebSite","@id":"https:\/\/cidreduquebec.com\/semaineducidre\/#website","url":"https:\/\/cidreduquebec.com\/semaineducidre\/","name":"Semaine du cidre du Qu\u00e9bec","description":"Producteurs de cidre du Qu\u00e9bec","publisher":{"@id":"https:\/\/cidreduquebec.com\/semaineducidre\/#organization"},"potentialAction":[{"@type":"SearchAction","target":{"@type":"EntryPoint","urlTemplate":"https:\/\/cidreduquebec.com\/semaineducidre\/?s={search_term_string}"},"query-input":{"@type":"PropertyValueSpecification","valueRequired":true,"valueName":"search_term_string"}}],"inLanguage":"fr-CA"},{"@type":"Organization","@id":"https:\/\/cidreduquebec.com\/semaineducidre\/#organization","name":"SEMAINE DU CIDRE DU QU\u00c9BEC","url":"https:\/\/cidreduquebec.com\/semaineducidre\/","logo":{"@type":"ImageObject","inLanguage":"fr-CA","@id":"https:\/\/cidreduquebec.com\/semaineducidre\/#\/schema\/logo\/image\/","url":"https:\/\/cidreduquebec.com\/semaineducidre\/wp-content\/uploads\/2022\/03\/SDC2022-Logo-Marine-SansDate.png","contentUrl":"https:\/\/cidreduquebec.com\/semaineducidre\/wp-content\/uploads\/2022\/03\/SDC2022-Logo-Marine-SansDate.png","width":1200,"height":1200,"caption":"SEMAINE DU CIDRE DU QU\u00c9BEC"},"image":{"@id":"https:\/\/cidreduquebec.com\/semaineducidre\/#\/schema\/logo\/image\/"},"sameAs":["https:\/\/www.facebook.com\/cidreduquebec","https:\/\/www.instagram.com\/cidreduquebec"]}]}},"_links":{"self":[{"href":"https:\/\/cidreduquebec.com\/semaineducidre\/wp-json\/wp\/v2\/activites\/11160","targetHints":{"allow":["GET"]}}],"collection":[{"href":"https:\/\/cidreduquebec.com\/semaineducidre\/wp-json\/wp\/v2\/activites"}],"about":[{"href":"https:\/\/cidreduquebec.com\/semaineducidre\/wp-json\/wp\/v2\/types\/activites"}],"wp:featuredmedia":[{"embeddable":true,"href":"https:\/\/cidreduquebec.com\/semaineducidre\/wp-json\/wp\/v2\/media\/11161"}],"wp:attachment":[{"href":"https:\/\/cidreduquebec.com\/semaineducidre\/wp-json\/wp\/v2\/media?parent=11160"}],"curies":[{"name":"wp","href":"https:\/\/api.w.org\/{rel}","templated":true}]}}